{"id":386,"date":"2021-05-27T02:45:29","date_gmt":"2021-05-27T00:45:29","guid":{"rendered":"https:\/\/ws01.frank-ll.com\/?page_id=53"},"modified":"2025-08-21T21:22:45","modified_gmt":"2025-08-21T19:22:45","slug":"team","status":"publish","type":"page","link":"https:\/\/wein-sein.de\/?page_id=386","title":{"rendered":"Team"},"content":{"rendered":"\t\t<div data-elementor-type=\"wp-page\" data-elementor-id=\"386\" class=\"elementor elementor-386\">\n\t\t\t\t\t\t<section class=\"elementor-section elementor-top-section elementor-element elementor-element-a479d0e elementor-section-full_width elementor-section-stretched elementor-section-height-default elementor-section-height-default\" data-id=\"a479d0e\" data-element_type=\"section\" data-e-type=\"section\" data-settings=\"{&quot;stretch_section&quot;:&quot;section-stretched&quot;}\">\n\t\t\t\t\t\t<div class=\"elementor-container elementor-column-gap-no\">\n\t\t\t\t\t<div class=\"elementor-column elementor-col-100 elementor-top-column elementor-element elementor-element-3134560\" data-id=\"3134560\" data-element_type=\"column\" data-e-type=\"column\">\n\t\t\t<div class=\"elementor-widget-wrap elementor-element-populated\">\n\t\t\t\t\t\t<div class=\"elementor-element elementor-element-8568933 elementor-widget elementor-widget-larson-intro\" data-id=\"8568933\" data-element_type=\"widget\" data-e-type=\"widget\" data-widget_type=\"larson-intro.default\">\n\t\t\t\t<div class=\"elementor-widget-container\">\n\t\t\t\t\t\n\t\t<article class=\"article\">\n\t        <header class=\"article__header\">\n\t          <div class=\"container\">\n\t            \t            <h1 class=\"article__heading heading heading--size-large\">\n\t            \t<span >\n\t\t\t\t\t\tWein &amp; Sein Team\t\t\t\t\t<\/span>\n\t            <\/h1>\n\t            \t            \t          <\/div>\n\t        <\/header>\n\t        \t        <div class=\"article__about-hero container\">\n\t          <img decoding=\"async\" src=\"https:\/\/wein-sein.de\/wp-content\/uploads\/2025\/08\/team_2.jpg\" alt=\"\" \/>\n\t        <\/div>\n\t        \t    <\/article>\n\n\t\t\t\t\t\t<\/div>\n\t\t\t\t<\/div>\n\t\t\t\t\t<\/div>\n\t\t<\/div>\n\t\t\t\t\t<\/div>\n\t\t<\/section>\n\t\t\t\t<section class=\"elementor-section elementor-top-section elementor-element elementor-element-28425f5 elementor-section-full_width elementor-section-stretched elementor-section-height-default elementor-section-height-default\" data-id=\"28425f5\" data-element_type=\"section\" data-e-type=\"section\" data-settings=\"{&quot;stretch_section&quot;:&quot;section-stretched&quot;}\">\n\t\t\t\t\t\t<div class=\"elementor-container elementor-column-gap-no\">\n\t\t\t\t\t<div class=\"elementor-column elementor-col-100 elementor-top-column elementor-element elementor-element-1a415ba\" data-id=\"1a415ba\" data-element_type=\"column\" data-e-type=\"column\">\n\t\t\t<div class=\"elementor-widget-wrap elementor-element-populated\">\n\t\t\t\t\t\t<div class=\"elementor-element elementor-element-a709f9b elementor-widget elementor-widget-larson-about-description\" data-id=\"a709f9b\" data-element_type=\"widget\" data-e-type=\"widget\" data-widget_type=\"larson-about-description.default\">\n\t\t\t\t<div class=\"elementor-widget-container\">\n\t\t\t\t\t\n\t\t<section class=\"webpage__about-block about-block about-block--columns\">\n          <div class=\"about-block__inner container\">\n                        <header class=\"about-block__header\" data-aos=\"fade\">\n              <h2 class=\"about-block__heading heading\">\n              \t<span >\n\t\t\t\t\tTeam\t\t\t\t<\/span>\n              <\/h2>\n            <\/header>\n                                    <div class=\"about-block__main\">\n                            <div class=\"about-block__text\" data-aos=\"fade\">\n                <div >\n\t\t\t\t\t<p>Wir lieben Wein und kennen jede Flasche aus unserem Sortiment!<\/p>\t\t\t\t<\/div>\n              <\/div>\n                                          <blockquote class=\"about-block__quote\" data-aos=\"fade\">\n              \t<span >\n\t\t\t\t\tUnser Team ber\u00e4t Sie kompetent und individuell, sei es ein Wein als Geschenk, f\u00fcr einen Abend auf dem Sofa, f\u00fcr eine Party oder ein pers\u00f6nlich zusammengestellter Geschenkkorb mit Spezialit\u00e4ten aus unserem Feinkostbereich.\n\nLassen Sie sich von uns verw\u00f6hnen bei einem Genie\u00dfer-Abend mit guten Weinen, k\u00f6stlichen Speisen und immer einem L\u00e4cheln auf den Lippen.\t\t\t\t<\/span>\n\t\t\t\t<span class=\"sep\"><svg viewBox='0 0 83 62' fill='none' xmlns='http:\/\/www.w3.org\/2000\/svg'><path d='M18.6.2c6.267 0 11 2.267 14.2 6.8 3.333 4.4 5 9.667 5 15.8 0 8.267-2.467 15.933-7.4 23-4.8 7.067-10.867 12.333-18.2 15.8L.4 52.2c5.333-2.133 10-5.067 14-8.8 4-3.867 6.733-7.867 8.2-12l-1-.6c-.667.533-1.467.933-2.4 1.2-.933.267-2.267.4-4 .4-3.067 0-6.2-1.2-9.4-3.6-3.067-2.533-4.6-6.333-4.6-11.4 0-5.333 1.733-9.533 5.2-12.6S13.933.2 18.6.2zm44.8 0c6.267 0 11 2.267 14.2 6.8 3.333 4.4 5 9.667 5 15.8 0 8.267-2.467 15.933-7.4 23-4.8 7.067-10.867 12.333-18.2 15.8l-11.8-9.4c5.333-2.133 10-5.067 14-8.8 4-3.867 6.733-7.867 8.2-12l-1-.6c-.667.533-1.467.933-2.4 1.2-.933.267-2.267.4-4 .4-3.067 0-6.2-1.2-9.4-3.6-3.067-2.533-4.6-6.333-4.6-11.4 0-5.333 1.733-9.533 5.2-12.6S58.733.2 63.4.2z' fill='#ffb74d'\/><\/svg><\/span>\n              <\/blockquote>\n                          <\/div>\n                      <\/div>\n        <\/section>\n\n\t\t\t\t\t\t<\/div>\n\t\t\t\t<\/div>\n\t\t\t\t\t<\/div>\n\t\t<\/div>\n\t\t\t\t\t<\/div>\n\t\t<\/section>\n\t\t\t\t<section class=\"elementor-section elementor-top-section elementor-element elementor-element-cebdbef elementor-section-boxed elementor-section-height-default elementor-section-height-default\" data-id=\"cebdbef\" data-element_type=\"section\" data-e-type=\"section\">\n\t\t\t\t\t\t<div class=\"elementor-container elementor-column-gap-default\">\n\t\t\t\t\t<div class=\"elementor-column elementor-col-100 elementor-top-column elementor-element elementor-element-c3a4cd4\" data-id=\"c3a4cd4\" data-element_type=\"column\" data-e-type=\"column\">\n\t\t\t<div class=\"elementor-widget-wrap elementor-element-populated\">\n\t\t\t\t\t\t<div class=\"elementor-element elementor-element-fa6b3d9 elementor-widget elementor-widget-larson-about-us\" data-id=\"fa6b3d9\" data-element_type=\"widget\" data-e-type=\"widget\" data-widget_type=\"larson-about-us.default\">\n\t\t\t\t<div class=\"elementor-widget-container\">\n\t\t\t\t\t\n\t\t<section class=\"webpage__about-section about-section\">\n\t        <div class=\"about-section__inner container\">\n\t          <div class=\"row no-gutters\">\n\t            <div class=\"about-section__content col-12 col-md-7\">\n\t              \t              \t              <div class=\"about-section__pseudoheading heading\" data-aos=\"fade\">\n\t              \t<span >\n\t\t\t\t\t\tHelene Wiesehoff\t\t\t\t\t<\/span>\n\t              <\/div>\n\t              \t              \t              <div class=\"about-section__text\" data-aos=\"fade\">\n\t              \t<div >\n\t\t\t\t\t\t<p>als geb\u00fcrtige Berlinerin habe ich mir Landsberg als sch\u00f6nsten Ort der Welt ausgesucht, um hier zu leben! Nach verschiedenen beruflichen Stationen als Entwicklungshelferin in Afrika, Asien und Lateinamerika habe ich entschieden, mich vordergr\u00fcndig den sch\u00f6nen Dingen wie Wein und Bier im Leben zu widmen. Daher absolvierte ich nach Studium und Promotion in Agrar\u00f6konomie noch ein Studium in Wein und Spirituosen und eine Ausbildung zur Biersommeli\u00e8re. Meine Begeisterung f\u00fcr Wein m\u00f6chte ich an Sie beim Wein Kaufen und in den Weinevents weitergeben.<\/p>\t\t\t\t\t<\/div>\n\t              <\/div>\n\t              \t              \t            <\/div>\n\t            <div class=\"col-12 col-md-5\" data-aos=\"fade\">\n\t              \t              <div class=\"about-section__image\">\n\t                <img fetchpriority=\"high\" decoding=\"async\" src=\"https:\/\/wein-sein.de\/wp-content\/uploads\/2021\/07\/WeinSein-217-1.jpg\" width=\"426\" height=\"573\" alt=\"\" \/>\n\t              <\/div>\n\t              \t              \t              <div class=\"about-section__cite-wrapper\">\n\t                \t                \t                <cite class=\"about-section__cite\">\n\t                \t<span >\n\t\t\t\t\t\t\tHelene Wiesehoff\t\t\t\t\t\t<\/span>\n\t                <\/cite>\n\t                \t              <\/div>\n\t              \t            <\/div>\n\t          <\/div>\n\t        <\/div>\n\t    <\/section>\n\n\t\t\t\t\t\t<\/div>\n\t\t\t\t<\/div>\n\t\t\t\t\t<\/div>\n\t\t<\/div>\n\t\t\t\t\t<\/div>\n\t\t<\/section>\n\t\t\t\t<section class=\"elementor-section elementor-top-section elementor-element elementor-element-afd5bd4 elementor-section-full_width elementor-section-stretched elementor-section-height-default elementor-section-height-default\" data-id=\"afd5bd4\" data-element_type=\"section\" data-e-type=\"section\" data-settings=\"{&quot;stretch_section&quot;:&quot;section-stretched&quot;}\">\n\t\t\t\t\t\t<div class=\"elementor-container elementor-column-gap-no\">\n\t\t\t\t\t<div class=\"elementor-column elementor-col-100 elementor-top-column elementor-element elementor-element-99e402a\" data-id=\"99e402a\" data-element_type=\"column\" data-e-type=\"column\">\n\t\t\t<div class=\"elementor-widget-wrap elementor-element-populated\">\n\t\t\t\t\t\t<div class=\"elementor-element elementor-element-fac8bc6 elementor-widget elementor-widget-larson-team\" data-id=\"fac8bc6\" data-element_type=\"widget\" data-e-type=\"widget\" data-widget_type=\"larson-team.default\">\n\t\t\t\t<div class=\"elementor-widget-container\">\n\t\t\t\t\t\t\t\n\t\t<section class=\"webpage__team-section team-section\">\n\t        <div class=\"team-section__inner container\" >\n\t          \t          <header class=\"team-section__header\" data-aos=\"fade\">\n\t            <h2 class=\"team-section__heading heading\">\n\t            \t<span >\n\t\t\t\t\t\tUnser Team \t\t\t\t\t<\/span>\n\t            <\/h2>\n\t          <\/header>\n\t          \t          \t          <ul class=\"team-section__list team-list row\">\n\t          \t\t            <li class=\"team-list__item col-12 col-md-6 col-lg-4\" data-aos=\"fade\" data-aos-delay=\"0\">\n\t              <div class=\"card card--team\" tabindex=\"0\">\n\t                \t                <div class=\"card__image\">\n\t                  <img decoding=\"async\" src=\"https:\/\/wein-sein.de\/wp-content\/uploads\/2021\/07\/WeinSein-173.jpg\" width=\"350\" height=\"530\" alt=\"Christine Duhme\" \/>\n\t                <\/div>\n\t                \t                <div class=\"card__content\">\n\t                  \t                  <h3 class=\"card__heading\">\n\t                  \t<span >\n\t\t\t\t\t\t\tChristine Duhme\t\t\t\t\t\t<\/span>\n\t                  <\/h3>\n\t                  \t                  \t                  <div class=\"card__text\">\n\t                  \t<span >\n\t\t\t\t\t\t\tverw\u00f6hnt Sie mit allen K\u00f6stlichkeiten zu einem Glas Wein \u2013 sei es liebevoll zusammengestellte Antipasti-Platten, ein mehrg\u00e4ngiges Men\u00fc zu einem Weinseminar oder ein s\u00fcndhaft leckerer Nachtisch. Sie zaubert alles f\u00fcr Sie mit Freude und einem L\u00e4cheln auf den Lippen.\t\t\t\t\t\t<\/span>\n\t                  <\/div>\n\t                  \t                  \t                <\/div>\n\t              <\/div>\n\t            <\/li>\n\t            \t            <li class=\"team-list__item col-12 col-md-6 col-lg-4\" data-aos=\"fade\" data-aos-delay=\"200\">\n\t              <div class=\"card card--team\" tabindex=\"0\">\n\t                \t                <div class=\"card__image\">\n\t                  <img decoding=\"async\" src=\"https:\/\/wein-sein.de\/wp-content\/uploads\/2025\/03\/emp_2-900x1200.jpeg\" width=\"350\" height=\"530\" alt=\"Stephanie Zitzler\" \/>\n\t                <\/div>\n\t                \t                <div class=\"card__content\">\n\t                  \t                  <h3 class=\"card__heading\">\n\t                  \t<span >\n\t\t\t\t\t\t\tStephanie Zitzler\t\t\t\t\t\t<\/span>\n\t                  <\/h3>\n\t                  \t                  \t                  <div class=\"card__text\">\n\t                  \t<span >\n\t\t\t\t\t\t\tSteffi ist gelernte Physiotherapeutin und freut sich, im Wein &amp; Sein einen anderen Ausgleich zu haben. Immer gut gelaunt und positiv gestimmt trifft man Steffi mit ihrem sympathischen allg\u00e4uer Dialekt meistens am Donnerstagnachmittag im Wein &amp; Sein.\t\t\t\t\t\t<\/span>\n\t                  <\/div>\n\t                  \t                  \t                <\/div>\n\t              <\/div>\n\t            <\/li>\n\t            \t            <li class=\"team-list__item col-12 col-md-6 col-lg-4\" data-aos=\"fade\" data-aos-delay=\"400\">\n\t              <div class=\"card card--team\" tabindex=\"0\">\n\t                \t                <div class=\"card__image\">\n\t                  <img loading=\"lazy\" decoding=\"async\" src=\"https:\/\/wein-sein.de\/wp-content\/uploads\/2021\/07\/WeinSein-190.jpg\" width=\"350\" height=\"530\" alt=\"Emma Duhme\" \/>\n\t                <\/div>\n\t                \t                <div class=\"card__content\">\n\t                  \t                  <h3 class=\"card__heading\">\n\t                  \t<span >\n\t\t\t\t\t\t\tEmma Duhme\t\t\t\t\t\t<\/span>\n\t                  <\/h3>\n\t                  \t                  \t                  <div class=\"card__text\">\n\t                  \t<span >\n\t\t\t\t\t\t\tEmma arbeitet seit 2019 bei uns im Team. Sie hilft bei Weinevents und im Verkauf und verf\u00fcgt \u00fcber ein fundiertes Weinwissen, das sie aktuell noch vertieft beim Weinbau-Studium in Geisenheim. \t\t\t\t\t\t<\/span>\n\t                  <\/div>\n\t                  \t                  \t                <\/div>\n\t              <\/div>\n\t            <\/li>\n\t            \t            <li class=\"team-list__item col-12 col-md-6 col-lg-4\" data-aos=\"fade\" data-aos-delay=\"600\">\n\t              <div class=\"card card--team\" tabindex=\"0\">\n\t                \t                <div class=\"card__image\">\n\t                  <img loading=\"lazy\" decoding=\"async\" src=\"https:\/\/wein-sein.de\/wp-content\/uploads\/2025\/03\/emp_4-900x1130.jpeg\" width=\"350\" height=\"530\" alt=\"Moritz Halbritter\" \/>\n\t                <\/div>\n\t                \t                <div class=\"card__content\">\n\t                  \t                  <h3 class=\"card__heading\">\n\t                  \t<span >\n\t\t\t\t\t\t\tMoritz Halbritter\t\t\t\t\t\t<\/span>\n\t                  <\/h3>\n\t                  \t                  \t                  <div class=\"card__text\">\n\t                  \t<span >\n\t\t\t\t\t\t\tTrotz seines jugendlichen Alters ist Moritz einer unser l\u00e4ngsten Mitarbeiter im Wein &amp; Sein. Mit seiner freundlichen und hilfsbereiten Art ist er von Kunden und Kollegen sehr gesch\u00e4tzt.\t\t\t\t\t\t<\/span>\n\t                  <\/div>\n\t                  \t                  \t                <\/div>\n\t              <\/div>\n\t            <\/li>\n\t            \t            <li class=\"team-list__item col-12 col-md-6 col-lg-4\" data-aos=\"fade\" data-aos-delay=\"800\">\n\t              <div class=\"card card--team\" tabindex=\"0\">\n\t                \t                <div class=\"card__image\">\n\t                  <img loading=\"lazy\" decoding=\"async\" src=\"https:\/\/wein-sein.de\/wp-content\/uploads\/2021\/07\/WeinSein-169.jpg\" width=\"350\" height=\"530\" alt=\"Simone Maier\" \/>\n\t                <\/div>\n\t                \t                <div class=\"card__content\">\n\t                  \t                  <h3 class=\"card__heading\">\n\t                  \t<span >\n\t\t\t\t\t\t\tSimone Maier\t\t\t\t\t\t<\/span>\n\t                  <\/h3>\n\t                  \t                  \t                  <div class=\"card__text\">\n\t                  \t<span >\n\t\t\t\t\t\t\tAls echte Landsbergerin kennt man Simone einfach. Sie arbeitet seit 2017 bei uns neben ihrer Arbeit als Verlagskauffrau. Aufgrund ihrer langen Erfahrung verf\u00fcgt sie \u00fcber ein profundes Weinwissen und ist immer offen und herzlich. Ob Kollegen oder G\u00e4ste, jeder freut sich ein Glas Prosecco mit Simone zu trinken. \t\t\t\t\t\t<\/span>\n\t                  <\/div>\n\t                  \t                  \t                <\/div>\n\t              <\/div>\n\t            <\/li>\n\t            \t            <li class=\"team-list__item col-12 col-md-6 col-lg-4\" data-aos=\"fade\" data-aos-delay=\"1000\">\n\t              <div class=\"card card--team\" tabindex=\"0\">\n\t                \t                <div class=\"card__image\">\n\t                  <img loading=\"lazy\" decoding=\"async\" src=\"https:\/\/wein-sein.de\/wp-content\/uploads\/2022\/10\/ma_neu-900x1200.jpeg\" width=\"350\" height=\"530\" alt=\"Ina Repetzki\" \/>\n\t                <\/div>\n\t                \t                <div class=\"card__content\">\n\t                  \t                  <h3 class=\"card__heading\">\n\t                  \t<span >\n\t\t\t\t\t\t\tIna Repetzki\t\t\t\t\t\t<\/span>\n\t                  <\/h3>\n\t                  \t                  \t                  <div class=\"card__text\">\n\t                  \t<span >\n\t\t\t\t\t\t\tIna ist in ihrem Leben \u2013 wenn sie nicht im Wein &amp; Sein arbeitet \u2013 Kabinenchefin bei der Lufthansa. Dadurch hat sie langj\u00e4hrige Erfahrungen mit Speisen, Getr\u00e4nken, guten Weinen und im Umgang mit Menschen. Sie ist weltoffen, sprachgewandt und immer freundlich und herzlich. \t\t\t\t\t\t<\/span>\n\t                  <\/div>\n\t                  \t                  \t                <\/div>\n\t              <\/div>\n\t            <\/li>\n\t            \t            <li class=\"team-list__item col-12 col-md-6 col-lg-4\" data-aos=\"fade\" data-aos-delay=\"1200\">\n\t              <div class=\"card card--team\" tabindex=\"0\">\n\t                \t                <div class=\"card__image\">\n\t                  <img loading=\"lazy\" decoding=\"async\" src=\"https:\/\/wein-sein.de\/wp-content\/uploads\/2025\/03\/emp_5-900x1197.jpeg\" width=\"350\" height=\"530\" alt=\"Laurenz Forstner\" \/>\n\t                <\/div>\n\t                \t                <div class=\"card__content\">\n\t                  \t                  <h3 class=\"card__heading\">\n\t                  \t<span >\n\t\t\t\t\t\t\tLaurenz Forstner\t\t\t\t\t\t<\/span>\n\t                  <\/h3>\n\t                  \t                  \t                  <div class=\"card__text\">\n\t                  \t<span >\n\t\t\t\t\t\t\tAls begnadeter Sportler und technisch versierter Teamkollege ist Laurenz eine gro\u00dfe Bereicherung im Wein &amp; Sein. Auch Laurenz richtet sich beruflich mit einer Winzerlehre in Richtung Wein aus und bereichert uns mit seinem Fachwissen. \t\t\t\t\t\t<\/span>\n\t                  <\/div>\n\t                  \t                  \t                <\/div>\n\t              <\/div>\n\t            <\/li>\n\t            \t            <li class=\"team-list__item col-12 col-md-6 col-lg-4\" data-aos=\"fade\" data-aos-delay=\"1400\">\n\t              <div class=\"card card--team\" tabindex=\"0\">\n\t                \t                <div class=\"card__image\">\n\t                  <img loading=\"lazy\" decoding=\"async\" src=\"https:\/\/wein-sein.de\/wp-content\/uploads\/2025\/03\/emp_1-900x1144.jpeg\" width=\"350\" height=\"530\" alt=\"Rebekka Mazzella\" \/>\n\t                <\/div>\n\t                \t                <div class=\"card__content\">\n\t                  \t                  <h3 class=\"card__heading\">\n\t                  \t<span >\n\t\t\t\t\t\t\tRebekka Mazzella\t\t\t\t\t\t<\/span>\n\t                  <\/h3>\n\t                  \t                  \t                  <div class=\"card__text\">\n\t                  \t<span >\n\t\t\t\t\t\t\tRebekka hat in der Gastronomie und Hotelleriebranche gelernt und kennt sich bestens aus mit gutem Essen und Wein. Immer freundlich, hilfsbereit und loyal zu Kollegen und G\u00e4sten ist Rebekka eine gro\u00dfe Bereicherung in unserem Team. \t\t\t\t\t\t<\/span>\n\t                  <\/div>\n\t                  \t                  \t                <\/div>\n\t              <\/div>\n\t            <\/li>\n\t            \t            <li class=\"team-list__item col-12 col-md-6 col-lg-4\" data-aos=\"fade\" data-aos-delay=\"1600\">\n\t              <div class=\"card card--team\" tabindex=\"0\">\n\t                \t                <div class=\"card__image\">\n\t                  <img loading=\"lazy\" decoding=\"async\" src=\"https:\/\/wein-sein.de\/wp-content\/uploads\/2025\/03\/emp_3-900x1158.jpeg\" width=\"350\" height=\"530\" alt=\"Doris Arnold\" \/>\n\t                <\/div>\n\t                \t                <div class=\"card__content\">\n\t                  \t                  <h3 class=\"card__heading\">\n\t                  \t<span >\n\t\t\t\t\t\t\tDoris Arnold\t\t\t\t\t\t<\/span>\n\t                  <\/h3>\n\t                  \t                  \t                  <div class=\"card__text\">\n\t                  \t<span >\n\t\t\t\t\t\t\tDoris arbeitet seit M\u00e4rz 2024 bei uns. Mit ihrer freundlichen und aufgeschlossenen Art bereichert sie unser Team vor allem samstags und bei Veranstaltungen.\t\t\t\t\t\t<\/span>\n\t                  <\/div>\n\t                  \t                  \t                <\/div>\n\t              <\/div>\n\t            <\/li>\n\t            \t            <li class=\"team-list__item col-12 col-md-6 col-lg-4\" data-aos=\"fade\" data-aos-delay=\"1800\">\n\t              <div class=\"card card--team\" tabindex=\"0\">\n\t                \t                <div class=\"card__image\">\n\t                  <img loading=\"lazy\" decoding=\"async\" src=\"https:\/\/wein-sein.de\/wp-content\/uploads\/2023\/01\/IMG_1562-900x1286.jpg\" width=\"350\" height=\"530\" alt=\"Cordula Diehl\" \/>\n\t                <\/div>\n\t                \t                <div class=\"card__content\">\n\t                  \t                  <h3 class=\"card__heading\">\n\t                  \t<span >\n\t\t\t\t\t\t\tCordula Diehl\t\t\t\t\t\t<\/span>\n\t                  <\/h3>\n\t                  \t                  \t                  <div class=\"card__text\">\n\t                  \t<span >\n\t\t\t\t\t\t\tCordula ist gelernte Hotelfachfrau und kennt sich sehr gut aus mit Service und Menschen. Sie ist bestens vernetzt und (fast) jeder kennt Cordula. Immer fr\u00f6hlich und offen ist sie eine gro\u00dfe Bereicherung in unserem Team. \t\t\t\t\t\t<\/span>\n\t                  <\/div>\n\t                  \t                  \t                <\/div>\n\t              <\/div>\n\t            <\/li>\n\t            \t            <li class=\"team-list__item col-12 col-md-6 col-lg-4\" data-aos=\"fade\" data-aos-delay=\"2000\">\n\t              <div class=\"card card--team\" tabindex=\"0\">\n\t                \t                <div class=\"card__image\">\n\t                  <img loading=\"lazy\" decoding=\"async\" src=\"https:\/\/wein-sein.de\/wp-content\/uploads\/2023\/04\/LuciaSchuster-900x1200.jpg\" width=\"350\" height=\"530\" alt=\"Lucia Schuster\" \/>\n\t                <\/div>\n\t                \t                <div class=\"card__content\">\n\t                  \t                  <h3 class=\"card__heading\">\n\t                  \t<span >\n\t\t\t\t\t\t\tLucia Schuster\t\t\t\t\t\t<\/span>\n\t                  <\/h3>\n\t                  \t                  \t                  <div class=\"card__text\">\n\t                  \t<span >\n\t\t\t\t\t\t\tLucia arbeitet im Wein &amp; Sein seit Sommer 2022. Mit ihrer hilfsbereiten Art unterst\u00fctzt sie uns bei den Weinseminaren und Events. Im Umgang mit Menschen ist Lucia angesichts ihrer langj\u00e4hrigen Erfahrung im Vertriebsinnendienst immer freundlich und aufgeschlossen.  \t\t\t\t\t\t<\/span>\n\t                  <\/div>\n\t                  \t                  \t                <\/div>\n\t              <\/div>\n\t            <\/li>\n\t            \t            <li class=\"team-list__item col-12 col-md-6 col-lg-4\" data-aos=\"fade\" data-aos-delay=\"2200\">\n\t              <div class=\"card card--team\" tabindex=\"0\">\n\t                \t                <div class=\"card__image\">\n\t                  <img loading=\"lazy\" decoding=\"async\" src=\"https:\/\/wein-sein.de\/wp-content\/uploads\/2023\/05\/AndreaEpp-900x1200.jpg\" width=\"350\" height=\"530\" alt=\"Andrea Epp\" \/>\n\t                <\/div>\n\t                \t                <div class=\"card__content\">\n\t                  \t                  <h3 class=\"card__heading\">\n\t                  \t<span >\n\t\t\t\t\t\t\tAndrea Epp\t\t\t\t\t\t<\/span>\n\t                  <\/h3>\n\t                  \t                  \t                  <div class=\"card__text\">\n\t                  \t<span >\n\t\t\t\t\t\t\tAndrea arbeitet in unserem Team seit Sommer 2022 und leitet die Walking Dinner Stadtf\u00fchrungen. Das \"Fr\u00e4ulein vom Amt\" ist immer herzlich und offen f\u00fcr G\u00e4ste und Kollegen.  \t\t\t\t\t\t<\/span>\n\t                  <\/div>\n\t                  \t                  \t                <\/div>\n\t              <\/div>\n\t            <\/li>\n\t            \n\t            \t          <\/ul>\n\t          \t        <\/div>\n\t    <\/section>\n\n\t\t\t\t\t\t<\/div>\n\t\t\t\t<\/div>\n\t\t\t\t\t<\/div>\n\t\t<\/div>\n\t\t\t\t\t<\/div>\n\t\t<\/section>\n\t\t\t\t<section class=\"elementor-section elementor-top-section elementor-element elementor-element-37e9e3a elementor-section-boxed elementor-section-height-default elementor-section-height-default\" data-id=\"37e9e3a\" data-element_type=\"section\" data-e-type=\"section\">\n\t\t\t\t\t\t<div class=\"elementor-container elementor-column-gap-default\">\n\t\t\t\t\t<div class=\"elementor-column elementor-col-100 elementor-top-column elementor-element elementor-element-f9eb31b\" data-id=\"f9eb31b\" data-element_type=\"column\" data-e-type=\"column\">\n\t\t\t<div class=\"elementor-widget-wrap elementor-element-populated\">\n\t\t\t\t\t\t<div class=\"elementor-element elementor-element-8f13502 elementor-widget elementor-widget-larson-about-description\" data-id=\"8f13502\" data-element_type=\"widget\" data-e-type=\"widget\" data-widget_type=\"larson-about-description.default\">\n\t\t\t\t<div class=\"elementor-widget-container\">\n\t\t\t\t\t\n\t\t<section class=\"webpage__about-block about-block about-block--columns\">\n          <div class=\"about-block__inner container\">\n                        <header class=\"about-block__header\" data-aos=\"fade\">\n              <h2 class=\"about-block__heading heading\">\n              \t<span >\n\t\t\t\t\tWein &amp; Sein:\t\t\t\t<\/span>\n              <\/h2>\n            <\/header>\n                                    <div class=\"about-block__main\">\n                            <div class=\"about-block__text\" data-aos=\"fade\">\n                <div >\n\t\t\t\t\t<p>\u00a0Wo Leidenschaft serviert wird<\/p>\t\t\t\t<\/div>\n              <\/div>\n                                          <blockquote class=\"about-block__quote\" data-aos=\"fade\">\n              \t<span >\n\t\t\t\t\tUns allen macht es viel Spa\u00df im Wein &amp; Sein zu arbeiten und das merken die Kunden und die G\u00e4ste. Gerade bei unseren Veranstaltungen wird von G\u00e4sten immer wieder festgestellt, dass man uns ansieht, dass uns die Arbeit Freude bereitet. Es gibt ja auch immer k\u00f6stliche Speisen und gute Weine, nat\u00fcrlich auch f\u00fcrs Team. Da macht das Arbeiten Spa\u00df. Ein sehr vielf\u00e4ltiges und inspirierendes Team. Das geben wir gerne in der Beratung und bei unseren Weinseminaren weiter!!\t\t\t\t<\/span>\n\t\t\t\t<span class=\"sep\"><svg viewBox='0 0 83 62' fill='none' xmlns='http:\/\/www.w3.org\/2000\/svg'><path d='M18.6.2c6.267 0 11 2.267 14.2 6.8 3.333 4.4 5 9.667 5 15.8 0 8.267-2.467 15.933-7.4 23-4.8 7.067-10.867 12.333-18.2 15.8L.4 52.2c5.333-2.133 10-5.067 14-8.8 4-3.867 6.733-7.867 8.2-12l-1-.6c-.667.533-1.467.933-2.4 1.2-.933.267-2.267.4-4 .4-3.067 0-6.2-1.2-9.4-3.6-3.067-2.533-4.6-6.333-4.6-11.4 0-5.333 1.733-9.533 5.2-12.6S13.933.2 18.6.2zm44.8 0c6.267 0 11 2.267 14.2 6.8 3.333 4.4 5 9.667 5 15.8 0 8.267-2.467 15.933-7.4 23-4.8 7.067-10.867 12.333-18.2 15.8l-11.8-9.4c5.333-2.133 10-5.067 14-8.8 4-3.867 6.733-7.867 8.2-12l-1-.6c-.667.533-1.467.933-2.4 1.2-.933.267-2.267.4-4 .4-3.067 0-6.2-1.2-9.4-3.6-3.067-2.533-4.6-6.333-4.6-11.4 0-5.333 1.733-9.533 5.2-12.6S58.733.2 63.4.2z' fill='#ffb74d'\/><\/svg><\/span>\n              <\/blockquote>\n                          <\/div>\n                      <\/div>\n        <\/section>\n\n\t\t\t\t\t\t<\/div>\n\t\t\t\t<\/div>\n\t\t\t\t\t<\/div>\n\t\t<\/div>\n\t\t\t\t\t<\/div>\n\t\t<\/section>\n\t\t\t\t<\/div>\n\t\t","protected":false},"excerpt":{"rendered":"<p>Wein &amp; Sein Team Team Wir lieben Wein und kennen jede Flasche aus unserem Sortiment! Unser Team ber\u00e4t Sie kompetent und individuell, sei es ein Wein als Geschenk, f\u00fcr einen Abend auf dem Sofa, f\u00fcr eine Party oder ein pers\u00f6nlich zusammengestellter Geschenkkorb mit Spezialit\u00e4ten aus unserem Feinkostbereich. Lassen Sie sich&#8230; <\/p>\n<div class=\"readmore\"><a href=\"https:\/\/wein-sein.de\/?page_id=386\" class=\"btn-link\">Read more<\/a><\/div>\n","protected":false},"author":1,"featured_media":160,"parent":0,"menu_order":5,"comment_status":"closed","ping_status":"closed","template":"template-elementor-default.php","meta":{"_price":"","_stock":"","_tribe_ticket_header":"","_tribe_default_ticket_provider":"","_tribe_ticket_capacity":"0","_ticket_start_date":"","_ticket_end_date":"","_tribe_ticket_show_description":"","_tribe_ticket_show_not_going":false,"_tribe_ticket_use_global_stock":"","_tribe_ticket_global_stock_level":"","_global_stock_mode":"","_global_stock_cap":"","_tribe_rsvp_for_event":"","_tribe_ticket_going_count":"","_tribe_ticket_not_going_count":"","_tribe_tickets_list":"[]","_tribe_ticket_has_attendee_info_fields":false,"footnotes":"","_tec_slr_enabled":"","_tec_slr_layout":""},"class_list":["post-386","page","type-page","status-publish","has-post-thumbnail","hentry"],"acf":[],"ticketed":false,"_links":{"self":[{"href":"https:\/\/wein-sein.de\/index.php?rest_route=\/wp\/v2\/pages\/386","targetHints":{"allow":["GET"]}}],"collection":[{"href":"https:\/\/wein-sein.de\/index.php?rest_route=\/wp\/v2\/pages"}],"about":[{"href":"https:\/\/wein-sein.de\/index.php?rest_route=\/wp\/v2\/types\/page"}],"author":[{"embeddable":true,"href":"https:\/\/wein-sein.de\/index.php?rest_route=\/wp\/v2\/users\/1"}],"replies":[{"embeddable":true,"href":"https:\/\/wein-sein.de\/index.php?rest_route=%2Fwp%2Fv2%2Fcomments&post=386"}],"version-history":[{"count":115,"href":"https:\/\/wein-sein.de\/index.php?rest_route=\/wp\/v2\/pages\/386\/revisions"}],"predecessor-version":[{"id":3233,"href":"https:\/\/wein-sein.de\/index.php?rest_route=\/wp\/v2\/pages\/386\/revisions\/3233"}],"wp:featuredmedia":[{"embeddable":true,"href":"https:\/\/wein-sein.de\/index.php?rest_route=\/wp\/v2\/media\/160"}],"wp:attachment":[{"href":"https:\/\/wein-sein.de\/index.php?rest_route=%2Fwp%2Fv2%2Fmedia&parent=386"}],"curies":[{"name":"wp","href":"https:\/\/api.w.org\/{rel}","templated":true}]}}