{"id":385,"date":"2021-05-27T02:45:29","date_gmt":"2021-05-27T00:45:29","guid":{"rendered":"https:\/\/ws01.frank-ll.com\/?page_id=52"},"modified":"2025-10-16T12:27:08","modified_gmt":"2025-10-16T10:27:08","slug":"events","status":"publish","type":"page","link":"https:\/\/wein-sein.de\/?page_id=385","title":{"rendered":"Events und Weinseminare"},"content":{"rendered":"\t\t<div data-elementor-type=\"wp-page\" data-elementor-id=\"385\" class=\"elementor elementor-385\">\n\t\t\t\t\t\t<section class=\"elementor-section elementor-top-section elementor-element elementor-element-29de1db9 elementor-section-stretched elementor-section-boxed elementor-section-height-default elementor-section-height-default\" data-id=\"29de1db9\" data-element_type=\"section\" data-e-type=\"section\" data-settings=\"{&quot;stretch_section&quot;:&quot;section-stretched&quot;}\">\n\t\t\t\t\t\t<div class=\"elementor-container elementor-column-gap-no\">\n\t\t\t\t\t<div class=\"elementor-column elementor-col-100 elementor-top-column elementor-element elementor-element-4fde21b7\" data-id=\"4fde21b7\" data-element_type=\"column\" data-e-type=\"column\">\n\t\t\t<div class=\"elementor-widget-wrap elementor-element-populated\">\n\t\t\t\t\t\t<div class=\"elementor-element elementor-element-41aa17b8 elementor-widget elementor-widget-text-editor\" data-id=\"41aa17b8\" data-element_type=\"widget\" data-e-type=\"widget\" data-widget_type=\"text-editor.default\">\n\t\t\t\t<div class=\"elementor-widget-container\">\n\t\t\t\t\t\t\t\t\t<p><\/p><div class=\"wp-block-media-text alignwide is-stacked-on-mobile\"><figure class=\"wp-block-media-text__media\"><img decoding=\"async\" class=\"wp-image-870 size-full\" src=\"https:\/\/wein-sein.de\/wp-content\/uploads\/2021\/09\/WeinSein-149_slider.jpg\" alt=\"\" \/><\/figure><div class=\"wp-block-media-text__content\"><p><\/p><p style=\"font-size: 16px;\"><span style=\"font-family: tahoma, arial, helvetica, sans-serif; color: #000000;\">Genie\u00dfen Sie einen besonderen Abend in unserer Vinothek. Unsere <strong>Veranstaltungen<\/strong> sind einzigartig und jedes Mal ein sch\u00f6nes Erlebnis. \u00dcber Wein k\u00f6nnen Sie dabei immer etwas Lernen, aber die Unterhaltung und der Genuss stehen im Vordergrund. In der Regel verkosten wir ca. 8 Weine plus Apperitif am Abend. Dazu gibt es je nach Veranstaltung ein 3-G\u00e4nge-Men\u00fc, K\u00e4sebegleitung oder eine herzhafte Brotzeit wie beim Bierseminar.\u00a0<\/span><\/p><p><span style=\"font-family: tahoma, arial, helvetica, sans-serif; color: #000000;\"><\/span><\/p><\/div><\/div><p><span style=\"font-family: tahoma, arial, helvetica, sans-serif; color: #000000;\"><\/span><\/p><div class=\"wp-block-media-text alignwide has-media-on-the-right is-stacked-on-mobile\"><figure class=\"wp-block-media-text__media\"><span style=\"font-family: tahoma, arial, helvetica, sans-serif; color: #000000;\"><img fetchpriority=\"high\" decoding=\"async\" width=\"1024\" height=\"683\" class=\"wp-image-681 size-full\" src=\"https:\/\/wein-sein.de\/wp-content\/uploads\/2021\/07\/IMG_7404-1024x683.jpg\" alt=\"\" srcset=\"https:\/\/wein-sein.de\/wp-content\/uploads\/2021\/07\/IMG_7404-1024x683.jpg 1024w, https:\/\/wein-sein.de\/wp-content\/uploads\/2021\/07\/IMG_7404-300x200.jpg 300w, https:\/\/wein-sein.de\/wp-content\/uploads\/2021\/07\/IMG_7404-768x512.jpg 768w, https:\/\/wein-sein.de\/wp-content\/uploads\/2021\/07\/IMG_7404-1536x1024.jpg 1536w, https:\/\/wein-sein.de\/wp-content\/uploads\/2021\/07\/IMG_7404-2048x1366.jpg 2048w\" sizes=\"(max-width: 1024px) 100vw, 1024px\" \/><\/span><\/figure><div class=\"wp-block-media-text__content\"><p><span style=\"font-family: tahoma, arial, helvetica, sans-serif; color: #000000;\"><\/span><\/p><p style=\"font-size: 16px;\"><span style=\"font-family: tahoma, arial, helvetica, sans-serif; color: #000000;\">Jeden letzten Freitag im Monat finden unsere mittlerweile schon Kult in Landsberg gewordenen Wein After Work-Abende statt. An diesen Tagen kann man einfach vorbeikommen und mit anderen netten Menschen ein Glas Wein genie\u00dfen. Es gibt im Ausschank alte Klassiker, Weinneuheiten oder Kuriosit\u00e4ten. Manchmal sind auch Winzer eingeladen und stellen ihre Weine vor.<\/span><\/p><p><span style=\"font-family: tahoma, arial, helvetica, sans-serif; color: #000000;\"><\/span><\/p><\/div><\/div><p><span style=\"font-family: tahoma, arial, helvetica, sans-serif; color: #000000;\"><\/span><\/p><p style=\"font-size: 16px;\"><span style=\"font-family: tahoma, arial, helvetica, sans-serif; color: #000000;\">Wir freuen uns auf Sie!<\/span><\/p><p><span style=\"font-family: tahoma, arial, helvetica, sans-serif; color: #000000;\"><\/span><\/p><p style=\"font-size: 16px;\"><span style=\"font-family: tahoma, arial, helvetica, sans-serif; color: #000000;\">Schreiben Sie uns eine Email oder rufen Sie an, dann k\u00f6nnen wir f\u00fcr Sie reservieren und bei Bedarf auch gerne <strong>Gutscheine zum Verschenken<\/strong> ausstellen.<\/span><\/p><p style=\"font-size: 16px;\"><span style=\"font-family: tahoma, arial, helvetica, sans-serif; color: #000000;\">Da viele Veranstaltungen schnell ausgebucht sind, k\u00f6nnen Sie auch samstags von 13-15.00h als private Gruppe bis zu 12 Personen eine Weinprobe buchen.\u00a0<\/span><\/p><p style=\"font-size: 16px;\"><span style=\"font-family: tahoma, arial, helvetica, sans-serif; color: #000000;\">Die Veranstaltungen m\u00fcssen sp\u00e4testens vier Wochen im Voraus bezahlt werden und k\u00f6nnen nur bis vier Wochen vorher kostenfrei storniert werden.\u00a0<\/span><\/p><p><span style=\"font-family: tahoma, arial, helvetica, sans-serif; color: #000000;\"><\/span><\/p><p style=\"font-size: 16px;\"><span style=\"font-family: tahoma, arial, helvetica, sans-serif; color: #000000;\"><strong>Diese und weitere Veranstaltungen finden Sie hier<\/strong>.<\/span><\/p><p style=\"font-size: 16px;\"><span style=\"font-family: tahoma, arial, helvetica, sans-serif; color: #000000;\"><ul class=\"ecs-event-list\"><li class=\"ecs-event\"><h4 class=\"entry-title summary\"><a href=\"https:\/\/wein-sein.de\/?tribe_events=wein-after-work-tanz-in-den-mai\" rel=\"bookmark\">Wein after Work &#8211; Tanz in den Mai<\/a><\/h4><p class=\"ecs-excerpt\">Tolle Stimmung, nette Menschen und ein gutes Glas Wein dazu. Essen a la Carte. Eintritt frei und ohn&#8230;<\/p><span class=\"duration time\"><span class=\"tribe-event-date-start\">April 30 \/ 18:00<\/span> &#8211; <span class=\"tribe-event-time\">23:00<\/span><\/span><\/li><li class=\"ecs-event\"><h4 class=\"entry-title summary\"><a href=\"https:\/\/wein-sein.de\/?tribe_events=monis-fruehlingsmenue-2\" rel=\"bookmark\">Monis Fr\u00fchlingsmen\u00fc &#8211; ausgebucht<\/a><\/h4><p class=\"ecs-excerpt\">Monika Urban zaubert ein mehrg\u00e4ngiges Feinschmecker-Men\u00fc passend zum Fr\u00fchling. Dazu pr\u00e4sentieren&#8230;<\/p><span class=\"duration time\"><span class=\"tribe-event-date-start\">Mai 8 \/ 19:00<\/span> &#8211; <span class=\"tribe-event-time\">23:00<\/span><\/span><\/li><li class=\"ecs-event\"><h4 class=\"entry-title summary\"><a href=\"https:\/\/wein-sein.de\/?tribe_events=sushi-wein-jan-becker-rollt-sushi-bei-uns-4\" rel=\"bookmark\">Sushi &#038; Wein &#8211; Jan Becker rollt Sushi bei uns &#8211; ausgebucht<\/a><\/h4><p class=\"ecs-excerpt\">Jan Becker rollt sein legend\u00e4res Sushi bei uns. Dazu passende Weinbegleitung pr\u00e4sentiert von Weina&#8230;<\/p><span class=\"duration time\"><span class=\"tribe-event-date-start\">Mai 15 \/ 19:00<\/span> &#8211; <span class=\"tribe-event-time\">23:00<\/span><\/span><\/li><li class=\"ecs-event\"><h4 class=\"entry-title summary\"><a href=\"https:\/\/wein-sein.de\/?tribe_events=genussreise-durch-deutschland\" rel=\"bookmark\">Genussreise durch Deutschland<\/a><\/h4><p class=\"ecs-excerpt\">Die deutschen Winzer brauchen unsere Unterst\u00fctzung. Wir verkosten wunderbare Weine aus Deutschland &#8230;<\/p><span class=\"duration time\"><span class=\"tribe-event-date-start\">Juni 12 \/ 19:00<\/span> &#8211; <span class=\"tribe-event-time\">23:00<\/span><\/span><\/li><li class=\"ecs-event\"><h4 class=\"entry-title summary\"><a href=\"https:\/\/wein-sein.de\/?tribe_events=alpen-tapas\" rel=\"bookmark\">Alpen Tapas &#8211; ausgebucht<\/a><\/h4><p class=\"ecs-excerpt\">Maresa Maier zaubert k\u00f6stliche Tapas aus den Alpen, u.a. bayerische und steirische Spezialit\u00e4ten. &#8230;<\/p><span class=\"duration time\"><span class=\"tribe-event-date-start\">Juni 13 \/ 19:00<\/span> &#8211; <span class=\"tribe-event-time\">23:00<\/span><\/span><\/li><\/ul><script type=\"application\/ld+json\">\r\n[{\"@context\":\"http:\/\/schema.org\",\"@type\":\"Event\",\"name\":\"Wein after Work &#8211; Tanz in den Mai\",\"description\":\"&lt;p&gt;Tolle Stimmung, nette Menschen und ein gutes Glas Wein dazu. Essen a la Carte. Eintritt frei und ohne Reservierung.&lt;\/p&gt;\\\\n\",\"url\":\"https:\/\/wein-sein.de\/?tribe_events=wein-after-work-tanz-in-den-mai\",\"eventAttendanceMode\":\"https:\/\/schema.org\/OfflineEventAttendanceMode\",\"eventStatus\":\"https:\/\/schema.org\/EventScheduled\",\"startDate\":\"2026-04-30T18:00:00+02:00\",\"endDate\":\"2026-04-30T23:00:00+02:00\",\"performer\":\"Organization\"},{\"@context\":\"http:\/\/schema.org\",\"@type\":\"Event\",\"name\":\"Monis Fr\\u00fchlingsmen\\u00fc &#8211; ausgebucht\",\"description\":\"&lt;p&gt;Monika Urban zaubert ein mehrg\\u00e4ngiges Feinschmecker-Men\\u00fc passend zum Fr\\u00fchling. Dazu pr\\u00e4sentieren wir Ihnen passende Weine. 110 Euro pro Person inklusive mehrg\\u00e4ngiges Men\\u00fc, Weinbegleitung, Wasser, Kaffee&lt;\/p&gt;\\\\n\",\"url\":\"https:\/\/wein-sein.de\/?tribe_events=monis-fruehlingsmenue-2\",\"eventAttendanceMode\":\"https:\/\/schema.org\/OfflineEventAttendanceMode\",\"eventStatus\":\"https:\/\/schema.org\/EventScheduled\",\"startDate\":\"2026-05-08T19:00:00+02:00\",\"endDate\":\"2026-05-08T23:00:00+02:00\",\"performer\":\"Organization\"},{\"@context\":\"http:\/\/schema.org\",\"@type\":\"Event\",\"name\":\"Sushi &#038; Wein &#8211; Jan Becker rollt Sushi bei uns &#8211; ausgebucht\",\"description\":\"&lt;p&gt;Jan Becker rollt sein legend\\u00e4res Sushi bei uns. Dazu passende Weinbegleitung pr\\u00e4sentiert von Weinakademikerin Helene Wiesehoff. 110 Euro pro Person inklusive mehrg\\u00e4ngiges Sushi-Men\\u00fc, korrespondierende Weine, Wasser, Kaffee.&lt;\/p&gt;\\\\n\",\"url\":\"https:\/\/wein-sein.de\/?tribe_events=sushi-wein-jan-becker-rollt-sushi-bei-uns-4\",\"eventAttendanceMode\":\"https:\/\/schema.org\/OfflineEventAttendanceMode\",\"eventStatus\":\"https:\/\/schema.org\/EventScheduled\",\"startDate\":\"2026-05-15T19:00:00+02:00\",\"endDate\":\"2026-05-15T23:00:00+02:00\",\"performer\":\"Organization\"},{\"@context\":\"http:\/\/schema.org\",\"@type\":\"Event\",\"name\":\"Genussreise durch Deutschland\",\"description\":\"&lt;p&gt;Die deutschen Winzer brauchen unsere Unterst\\u00fctzung. Wir verkosten wunderbare Weine aus Deutschland aus verschiedenen Weinbauregionen Deutschlands. Dazu pr\\u00e4sentieren wir Ihnen ein Men\\u00fc aus heimatlichen Gefilden. 99 Euro pro Person inklusive mehrg\\u00e4ngiges Men\\u00fc, Weinbegleitung, Wasser, Kaffee&lt;\/p&gt;\\\\n\",\"url\":\"https:\/\/wein-sein.de\/?tribe_events=genussreise-durch-deutschland\",\"eventAttendanceMode\":\"https:\/\/schema.org\/OfflineEventAttendanceMode\",\"eventStatus\":\"https:\/\/schema.org\/EventScheduled\",\"startDate\":\"2026-06-12T19:00:00+02:00\",\"endDate\":\"2026-06-12T23:00:00+02:00\",\"performer\":\"Organization\"},{\"@context\":\"http:\/\/schema.org\",\"@type\":\"Event\",\"name\":\"Alpen Tapas &#8211; ausgebucht\",\"description\":\"&lt;p&gt;Maresa Maier zaubert k\\u00f6stliche Tapas aus den Alpen, u.a. bayerische und steirische Spezialit\\u00e4ten. Dazu passende Weinbegleitung. 99 Euro inklusive mehrg\\u00e4ngiges Men\\u00fc, Weinbegleitung, Wasser und Kaffee. &nbsp; &nbsp; &nbsp;&lt;\/p&gt;\\\\n\",\"url\":\"https:\/\/wein-sein.de\/?tribe_events=alpen-tapas\",\"eventAttendanceMode\":\"https:\/\/schema.org\/OfflineEventAttendanceMode\",\"eventStatus\":\"https:\/\/schema.org\/EventScheduled\",\"startDate\":\"2026-06-13T19:00:00+02:00\",\"endDate\":\"2026-06-13T23:00:00+02:00\",\"performer\":\"Organization\"}]\r\n<\/script><!--\n Event listing powered by The Events Calendar Shortcode\n https:\/\/eventcalendarnewsletter.com\/the-events-calendar-shortcode\/ \n--><\/span><\/p><p><span style=\"font-family: tahoma, arial, helvetica, sans-serif; color: #000000;\"><\/span><\/p><p style=\"font-size: 16px;\"><span style=\"font-family: tahoma, arial, helvetica, sans-serif; color: #000000;\"><strong><span class=\"has-inline-color\"><a style=\"color: #000000;\" href=\"https:\/\/wein-sein.de\/?post_type=tribe_events\" target=\"_blank\" rel=\"noreferrer noopener\" data-type=\"URL\" data-id=\"https:\/\/wein-sein.de\/?post_type=tribe_events\">Alle Veranstaltungen im \u00dcberblick finden Sie hier !<\/a><\/span><\/strong><\/span><\/p><p><\/p>\t\t\t\t\t\t\t\t<\/div>\n\t\t\t\t<\/div>\n\t\t\t\t\t<\/div>\n\t\t<\/div>\n\t\t\t\t\t<\/div>\n\t\t<\/section>\n\t\t\t\t<section class=\"elementor-section elementor-top-section elementor-element elementor-element-48b3590 elementor-section-full_width elementor-section-height-default elementor-section-height-default\" data-id=\"48b3590\" data-element_type=\"section\" data-e-type=\"section\">\n\t\t\t\t\t\t<div class=\"elementor-container elementor-column-gap-no\">\n\t\t\t\t\t<div class=\"elementor-column elementor-col-100 elementor-top-column elementor-element elementor-element-d4143f5\" data-id=\"d4143f5\" data-element_type=\"column\" data-e-type=\"column\">\n\t\t\t<div class=\"elementor-widget-wrap elementor-element-populated\">\n\t\t\t\t\t\t<div class=\"elementor-element elementor-element-db1d9c3 elementor-widget elementor-widget-larson-services\" data-id=\"db1d9c3\" data-element_type=\"widget\" data-e-type=\"widget\" data-widget_type=\"larson-services.default\">\n\t\t\t\t<div class=\"elementor-widget-container\">\n\t\t\t\t\t\t\t\n\t\t<section class=\"webpage__services-section services-section\">\n\t        <div class=\"services-section__inner container\">\n\t          <div class=\"row\">\n\t            <div class=\"services-section__content col-12 col-md-6 order-md-1 ml-auto\">\n\t              \t              \t              <h2 class=\"services-section__heading heading-small\" data-aos=\"fade\">\n\t              \t<span >\n\t\t\t\t\t\tVeranstaltungen\t\t\t\t\t<\/span>\n\t              <\/h2>\n\t              \t              \t              <div class=\"services-section__pseudoheading heading\" data-aos=\"fade\">\n\t              \t<span >\n\t\t\t\t\t\tErleben Sie erlesene Weine und kulinarische Highlights  \t\t\t\t\t<\/span>\n\t              <\/div>\n\t              \t              \t              \t            <\/div>\n\t            <div class=\"col-12 col-md-6 col-lg-5\">\n\t              <div class=\"services-section__image\" data-aos=\"fade\">\n\t                \t                <img decoding=\"async\" src=\"https:\/\/wein-sein.de\/wp-content\/uploads\/2022\/11\/IMG_7618-1920x2880.jpg\" width=\"426\" height=\"573\" alt=\"\" \/>\n\t                \t                \t                <a class=\"services-section__play play-btn has-popup-video\" href=\"https:\/\/wein-sein.de\/wp-content\/uploads\/2022\/11\/Wus-4K.m4v\">\n\t                  <svg class=\"play-btn__icon\" width=\"18\" height=\"18\">\n\t                    <use xlink:href=\"#play\"><\/use>\n\t                  <\/svg>\n\t                  <span class=\"visually-hidden\">Play video<\/span>\n\t                <\/a>\n\t                \t              <\/div>\n\t            <\/div>\n\t          <\/div>\n\t        <\/div>\n\t    <\/section>\n\n\t\t\t\t\t\t<\/div>\n\t\t\t\t<\/div>\n\t\t\t\t\t<\/div>\n\t\t<\/div>\n\t\t\t\t\t<\/div>\n\t\t<\/section>\n\t\t\t\t<\/div>\n\t\t","protected":false},"excerpt":{"rendered":"<p>Genie\u00dfen Sie einen besonderen Abend in unserer Vinothek. Unsere Veranstaltungen sind einzigartig und jedes Mal ein sch\u00f6nes Erlebnis. \u00dcber Wein k\u00f6nnen Sie dabei immer etwas Lernen, aber die Unterhaltung und der Genuss stehen im Vordergrund. In der Regel verkosten wir ca. 8 Weine plus Apperitif am Abend. Dazu gibt es&#8230; <\/p>\n<div class=\"readmore\"><a href=\"https:\/\/wein-sein.de\/?tribe_events=alpen-tapas\" class=\"btn-link\">Read more<\/a><\/div>\n","protected":false},"author":1,"featured_media":315,"parent":379,"menu_order":3,"comment_status":"closed","ping_status":"closed","template":"template-elementor-default.php","meta":{"_price":"","_stock":"","_tribe_ticket_header":"","_tribe_default_ticket_provider":"","_tribe_ticket_capacity":"0","_ticket_start_date":"","_ticket_end_date":"","_tribe_ticket_show_description":"","_tribe_ticket_show_not_going":false,"_tribe_ticket_use_global_stock":"","_tribe_ticket_global_stock_level":"","_global_stock_mode":"","_global_stock_cap":"","_tribe_rsvp_for_event":"","_tribe_ticket_going_count":"","_tribe_ticket_not_going_count":"","_tribe_tickets_list":"[]","_tribe_ticket_has_attendee_info_fields":false,"footnotes":"","_tec_slr_enabled":"","_tec_slr_layout":""},"class_list":["post-385","page","type-page","status-publish","has-post-thumbnail","hentry"],"acf":[],"ticketed":false,"_links":{"self":[{"href":"https:\/\/wein-sein.de\/index.php?rest_route=\/wp\/v2\/pages\/385","targetHints":{"allow":["GET"]}}],"collection":[{"href":"https:\/\/wein-sein.de\/index.php?rest_route=\/wp\/v2\/pages"}],"about":[{"href":"https:\/\/wein-sein.de\/index.php?rest_route=\/wp\/v2\/types\/page"}],"author":[{"embeddable":true,"href":"https:\/\/wein-sein.de\/index.php?rest_route=\/wp\/v2\/users\/1"}],"replies":[{"embeddable":true,"href":"https:\/\/wein-sein.de\/index.php?rest_route=%2Fwp%2Fv2%2Fcomments&post=385"}],"version-history":[{"count":38,"href":"https:\/\/wein-sein.de\/index.php?rest_route=\/wp\/v2\/pages\/385\/revisions"}],"predecessor-version":[{"id":3478,"href":"https:\/\/wein-sein.de\/index.php?rest_route=\/wp\/v2\/pages\/385\/revisions\/3478"}],"up":[{"embeddable":true,"href":"https:\/\/wein-sein.de\/index.php?rest_route=\/wp\/v2\/pages\/379"}],"wp:featuredmedia":[{"embeddable":true,"href":"https:\/\/wein-sein.de\/index.php?rest_route=\/wp\/v2\/media\/315"}],"wp:attachment":[{"href":"https:\/\/wein-sein.de\/index.php?rest_route=%2Fwp%2Fv2%2Fmedia&parent=385"}],"curies":[{"name":"wp","href":"https:\/\/api.w.org\/{rel}","templated":true}]}}